{"id":879,"date":"2022-08-26T10:48:49","date_gmt":"2022-08-26T14:48:49","guid":{"rendered":"https:\/\/www.val-id.fr\/?page_id=879"},"modified":"2022-09-04T17:29:12","modified_gmt":"2022-09-04T21:29:12","slug":"mentions-legales","status":"publish","type":"page","link":"https:\/\/www.val-id.fr\/?page_id=879","title":{"rendered":"Mentions l\u00e9gales"},"content":{"rendered":"\n<p>Merci de lire attentivement les pr\u00e9sentes modalit\u00e9s d&rsquo;utilisation du pr\u00e9sent site avant de le parcourir. En effet, la connexion et la navigation sur le site <strong><strong><a href=\"https:\/\/www.val-id.fr\" class=\"website\">ASSOCIATION VAL&#039;ID<\/a><\/strong><\/strong> par l\u2019utilisateur implique l&rsquo;acceptation int\u00e9grale et sans r\u00e9serve des pr\u00e9sentes mentions l\u00e9gales. Ces derni\u00e8res sont accessibles sur le site \u00e0 la rubrique \u00ab Mentions l\u00e9gales \u00bb.<\/p>\n\n\n\n<p>Le site <strong><strong><a href=\"https:\/\/www.val-id.fr\" class=\"website\">ASSOCIATION VAL&#039;ID<\/a><\/strong><\/strong> est mis \u00e0 jour r\u00e9guli\u00e8rement et les mentions l\u00e9gales sont susceptibles d\u2019\u00eatre modifi\u00e9es ou compl\u00e9t\u00e9es \u00e0 tout moment. Les utilisateurs du site <strong><strong><a href=\"https:\/\/www.val-id.fr\" class=\"website\">ASSOCIATION VAL&#039;ID<\/a><\/strong><\/strong> sont donc invit\u00e9s \u00e0 les consulter de mani\u00e8re r\u00e9guli\u00e8re.<\/p>\n\n\n\n<h1 class=\"wp-block-heading\"><strong>D\u00e9finitions<\/strong><\/h1>\n\n\n\n<p><strong>Utilisateur<\/strong> : Internaute se connectant, utilisant le site susnomm\u00e9.<\/p>\n\n\n\n<p><strong>Contenu<\/strong> : Ensemble des \u00e9l\u00e9ments constituants l\u2019information pr\u00e9sente sur le Site, notamment textes \u2013 images \u2013 vid\u00e9os.<\/p>\n\n\n\n<p><strong>Informations personnelles<\/strong> : \u00ab les informations qui permettent, sous quelque forme que ce soit, directement ou non, l&rsquo;identification des personnes physiques auxquelles elles s&rsquo;appliquent \u00bb (article 4 de la loi n\u00b0 78-17 du 6 janvier 1978). Les termes \u00ab donn\u00e9es \u00e0 caract\u00e8re personnel \u00bb, \u00ab personne concern\u00e9e \u00bb, \u00ab sous traitant \u00bb et \u00ab donn\u00e9es sensibles \u00bb ont le sens d\u00e9fini par le R\u00e8glement G\u00e9n\u00e9ral sur la Protection des Donn\u00e9es (RGPD : n\u00b0 2016-679)<\/p>\n\n\n\n<p><strong>Services<\/strong> : Ensemble des produits, des services,&nbsp; des fonctionnalit\u00e9s, des technologies mises \u00e0 la disposition des utilisateurs par <strong><strong><a href=\"https:\/\/www.val-id.fr\" class=\"website\">ASSOCIATION VAL&#039;ID<\/a><\/strong><\/strong>.<\/p>\n\n\n\n<p><strong>RGPD<\/strong> : R\u00e8glement G\u00e9n\u00e9ral de Protection des Donn\u00e9es personnelles.<\/p>\n\n\n\n<p><strong>CNIL<\/strong> : Commission Nationale de l&rsquo;Informatique et des Libert\u00e9s<\/p>\n\n\n\n<p><strong>DPO<\/strong> : Le d\u00e9l\u00e9gu\u00e9 \u00e0 la protection des donn\u00e9es (DPO) est charg\u00e9 de mettre en \u0153uvre la conformit\u00e9 au r\u00e8glement europ\u00e9en sur la protection des donn\u00e9es au sein de l\u2019organisme qui l\u2019a d\u00e9sign\u00e9 s\u2019agissant de l\u2019ensemble des traitements mis en \u0153uvre par cet organisme.<\/p>\n\n\n\n<h1 class=\"wp-block-heading\"><strong>Pr\u00e9sentation du site internet<\/strong><\/h1>\n\n\n\n<p>Conform\u00e9ment aux dispositions des Articles 6-III et 19 de la loi n\u00b0 2004-575 du 21 juin 2004 pour la confiance dans l&rsquo;\u00e9conomie num\u00e9rique, il est pr\u00e9cis\u00e9 aux utilisateurs du site <strong><strong><a href=\"https:\/\/www.val-id.fr\" class=\"website\">ASSOCIATION VAL&#039;ID<\/a><\/strong><\/strong> l&rsquo;identit\u00e9 des diff\u00e9rents intervenants dans le cadre de sa r\u00e9alisation et de son suivi.<\/p>\n\n\n\n<p><strong>Editeur du site Internet :&nbsp;<\/strong><\/p>\n\n\n\n<p>L&rsquo;\u00e9dition du Site est assur\u00e9e par <strong>ASSOCIATION VAL ID<\/strong>, <strong>ASSOCIATION<\/strong> au capital de <strong>0<\/strong> euros, immatricul\u00e9e au Registre du Commerce et des Soci\u00e9t\u00e9s de <strong>Fort-de-France<\/strong> sous le num\u00e9ro<strong> 841493323<\/strong> dont le si\u00e8ge social est situ\u00e9 au <strong>2 Route de L'union 97200 Fort-de-France Martinique<\/strong>.<\/p>\n\n\n\n<p>Num\u00e9ro de TVA intracommunautaire <strong>: <\/strong><\/p>\n\n\n\n<p>Le Directeur de la publication est :<strong>   <\/strong><\/p>\n\n\n\n<p>Pour tout signalement de contenus ou d&rsquo;activit\u00e9s illicites, l&rsquo;Utilisateur peut contacter l&rsquo;\u00c9diteur \u00e0 l&rsquo;adresse <strong><\/strong>, par t\u00e9l\u00e9phone au<strong> <\/strong>&nbsp; ou par courrier recommand\u00e9 avec accus\u00e9 de r\u00e9ception adress\u00e9 \u00e0 l&rsquo;\u00c9diteur aux coordonn\u00e9es pr\u00e9cis\u00e9es dans les pr\u00e9sentes mentions l\u00e9gales.<\/p>\n\n\n\n<p><strong>H\u00e9bergeur<\/strong> <strong>du site Internet <\/strong>:&nbsp;<\/p>\n\n\n\n<p><strong>Kinsta WordPress Hosting<\/strong> <br>Unit22 Bulrushes Business Park &#8211; Coombe Hill Road &#8211; East Grinstead &#8211; West Sussex &#8211; RH194LZ, UK <br>Email : dmca@kinsta.com<\/p>\n\n\n\n<p><strong>Webmaster du site Internet :<\/strong><\/p>\n\n\n\n<p>ELEVAO<br>Le Parc de Cluny G39<br>97200 Fort-de-France, Martinique<br>contact@elevao.com<br><\/p>\n\n\n\n<p><strong>D\u00e9l\u00e9gu\u00e9 \u00e0 la protection des donn\u00e9es<\/strong> :&nbsp;&nbsp;<\/p>\n\n\n\n<p><strong><\/strong> <strong><\/strong> <strong><\/strong> <br><strong><\/strong> <br><strong><\/strong> <br><strong><\/strong><\/p>\n\n\n\n<h1 class=\"wp-block-heading\"><strong>Description des services fournis<\/strong><\/h1>\n\n\n\n<p>Le site Internet <strong><strong><a href=\"https:\/\/www.val-id.fr\" class=\"website\">ASSOCIATION VAL&#039;ID<\/a><\/strong><\/strong>&nbsp; a pour objectif de fournir une information concernant l\u2019ensemble des activit\u00e9s de l\u2019association.<\/p>\n\n\n\n<p>Le site Internet <strong><strong><a href=\"https:\/\/www.val-id.fr\" class=\"website\">ASSOCIATION VAL&#039;ID<\/a><\/strong><\/strong>&nbsp; s\u2019efforce de fournir sur le site des informations aussi pr\u00e9cises que possible. Toutefois, le propri\u00e9taire ne pourra \u00eatre tenu responsable des oublis, des inexactitudes et des carences dans la mise \u00e0 jour, qu\u2019elles soient de son fait ou du fait des tiers partenaires qui lui fournissent ces informations.<\/p>\n\n\n\n<p>Toutes les informations indiqu\u00e9es sur le site <strong><strong><a href=\"https:\/\/www.val-id.fr\" class=\"website\">ASSOCIATION VAL&#039;ID<\/a><\/strong> <\/strong>sont donn\u00e9es \u00e0 titre indicatif, et sont susceptibles d\u2019\u00e9voluer. Par ailleurs, les renseignements figurant sur le site ne sont pas exhaustifs. Ils sont donn\u00e9s sous r\u00e9serve de modifications ayant \u00e9t\u00e9 apport\u00e9es depuis leur mise en ligne.<\/p>\n\n\n\n<h1 class=\"wp-block-heading\"><strong>Limitations contractuelles sur les donn\u00e9es techniques.<\/strong><\/h1>\n\n\n\n<p>Le site utilise la technologie JavaScript et PHP.<\/p>\n\n\n\n<p><strong><strong><a href=\"https:\/\/www.val-id.fr\" class=\"website\">ASSOCIATION VAL&#039;ID<\/a><\/strong><\/strong> ne pourra \u00eatre tenu responsable de dommages mat\u00e9riels li\u00e9s \u00e0 l\u2019utilisation du site. De plus, l\u2019utilisateur du site s\u2019engage \u00e0 acc\u00e9der au site en utilisant un mat\u00e9riel r\u00e9cent, ne contenant pas de virus et avec un navigateur de derni\u00e8re g\u00e9n\u00e9ration mis-\u00e0-jour<\/p>\n\n\n\n<p>Le site Internet <strong><strong><a href=\"https:\/\/www.val-id.fr\" class=\"website\">ASSOCIATION VAL&#039;ID<\/a><\/strong><\/strong> est h\u00e9berg\u00e9 chez un prestataire localis\u00e9 sur le territoire de l\u2019Union Europ\u00e9enne conform\u00e9ment aux dispositions du R\u00e8glement G\u00e9n\u00e9ral sur la Protection des Donn\u00e9es (RGPD : n\u00b0 2016-679)<\/p>\n\n\n\n<p>L\u2019objectif est d\u2019apporter une prestation qui assure le meilleur taux d\u2019accessibilit\u00e9. L\u2019h\u00e9bergeur assure la continuit\u00e9 de son service 24 Heures sur 24, tous les jours de l\u2019ann\u00e9e. Il se r\u00e9serve n\u00e9anmoins la possibilit\u00e9 d\u2019interrompre le service d\u2019h\u00e9bergement pour les dur\u00e9es les plus courtes possibles notamment \u00e0 des fins de maintenance, d\u2019am\u00e9lioration de ses infrastructures, de d\u00e9faillance de ses infrastructures ou si les Prestations et Services g\u00e9n\u00e8rent un trafic r\u00e9put\u00e9 anormal.<\/p>\n\n\n\n<p><strong><strong><a href=\"https:\/\/www.val-id.fr\" class=\"website\">ASSOCIATION VAL&#039;ID<\/a><\/strong><\/strong> et l\u2019h\u00e9bergeur ne pourront \u00eatre tenus responsables en cas de dysfonctionnement du r\u00e9seau Internet, des lignes t\u00e9l\u00e9phoniques ou du mat\u00e9riel informatique et de t\u00e9l\u00e9phonie li\u00e9 notamment \u00e0 l\u2019encombrement du r\u00e9seau emp\u00eachant l\u2019acc\u00e8s au serveur.<\/p>\n\n\n\n<p>Le site <strong><strong><a href=\"https:\/\/www.val-id.fr\" class=\"website\">ASSOCIATION VAL&#039;ID<\/a><\/strong> <\/strong>est par principe accessible aux Utilisateurs 24\/24h et 7\/7j, sauf interruption, programm\u00e9e ou non, pour des besoins de maintenance ou en cas de force majeure. En cas d&rsquo;impossibilit\u00e9 d&rsquo;acc\u00e8s au site, celui-ci s&rsquo;engage \u00e0 faire son maximum afin d&rsquo;en r\u00e9tablir l&rsquo;acc\u00e8s. Le site <strong><strong><a href=\"https:\/\/www.val-id.fr\" class=\"website\">ASSOCIATION VAL&#039;ID<\/a><\/strong><\/strong> ne saurait \u00eatre tenu pour responsable de tout dommage, quelle qu&rsquo;en soit la nature, r\u00e9sultant de son indisponibilit\u00e9.<\/p>\n\n\n\n<h1 class=\"wp-block-heading\"><strong>Propri\u00e9t\u00e9 intellectuelle et contrefa\u00e7ons.<\/strong><\/h1>\n\n\n\n<p><strong><strong><a href=\"https:\/\/www.val-id.fr\" class=\"website\">ASSOCIATION VAL&#039;ID<\/a><\/strong><\/strong> est propri\u00e9taire des droits de propri\u00e9t\u00e9 intellectuelle et d\u00e9tient les droits d\u2019usage sur tous les \u00e9l\u00e9ments accessibles sur le site internet, notamment les textes, images, graphismes, logos, vid\u00e9os, architecture, ic\u00f4nes et sons.<\/p>\n\n\n\n<p>Toute reproduction, repr\u00e9sentation, modification, publication, adaptation de tout ou partie des \u00e9l\u00e9ments du site, quel que soit le moyen ou le proc\u00e9d\u00e9 utilis\u00e9, est interdite, sauf autorisation \u00e9crite pr\u00e9alable de <strong><strong><a href=\"https:\/\/www.val-id.fr\" class=\"website\">ASSOCIATION VAL&#039;ID<\/a><\/strong><\/strong>.<\/p>\n\n\n\n<p>Toute exploitation non autoris\u00e9e du site ou de l\u2019un quelconque des \u00e9l\u00e9ments qu\u2019il contient sera consid\u00e9r\u00e9e comme constitutive d\u2019une contrefa\u00e7on et poursuivie conform\u00e9ment aux dispositions des articles L.335-2 et suivants du Code de Propri\u00e9t\u00e9 Intellectuelle.<\/p>\n\n\n\n<h1 class=\"wp-block-heading\"><strong>Limitations de responsabilit\u00e9<\/strong><\/h1>\n\n\n\n<p><strong><strong><a href=\"https:\/\/www.val-id.fr\" class=\"website\">ASSOCIATION VAL&#039;ID<\/a><\/strong><\/strong> ne pourra \u00eatre tenu pour responsable des dommages directs et indirects caus\u00e9s au mat\u00e9riel de l\u2019utilisateur, lors de l\u2019acc\u00e8s au site <strong><strong><a href=\"https:\/\/www.val-id.fr\" class=\"website\">ASSOCIATION VAL&#039;ID<\/a><\/strong><\/strong>.<\/p>\n\n\n\n<p><strong><strong><a href=\"https:\/\/www.val-id.fr\" class=\"website\">ASSOCIATION VAL&#039;ID<\/a><\/strong><\/strong> d\u00e9cline toute responsabilit\u00e9 quant \u00e0 l\u2019utilisation qui pourrait \u00eatre faite des informations et contenus pr\u00e9sents sur <strong><strong><a href=\"https:\/\/www.val-id.fr\" class=\"website\">www.val-id.fr<\/a><\/strong><\/strong>.<\/p>\n\n\n\n<p><strong><strong><a href=\"https:\/\/www.val-id.fr\" class=\"website\">ASSOCIATION VAL&#039;ID<\/a><\/strong><\/strong> s\u2019engage \u00e0 s\u00e9curiser au mieux le site&nbsp; <strong><strong><a href=\"https:\/\/www.val-id.fr\" class=\"website\">www.val-id.fr<\/a><\/strong><\/strong>, cependant sa responsabilit\u00e9 ne pourra \u00eatre mise en cause si des donn\u00e9es ind\u00e9sirables sont import\u00e9es et install\u00e9es sur son site \u00e0 son insu.<\/p>\n\n\n\n<p>Des espaces interactifs (espace contact ou commentaires) sont \u00e0 la disposition des utilisateurs. <strong><strong><a href=\"https:\/\/www.val-id.fr\" class=\"website\">ASSOCIATION VAL&#039;ID<\/a><\/strong><\/strong> se r\u00e9serve le droit de supprimer, sans mise en demeure pr\u00e9alable, tout contenu d\u00e9pos\u00e9 dans cet espace qui contreviendrait \u00e0 la l\u00e9gislation applicable en France, en particulier aux dispositions relatives \u00e0 la protection des donn\u00e9es.<\/p>\n\n\n\n<p>Le cas \u00e9ch\u00e9ant, <strong><strong><a href=\"https:\/\/www.val-id.fr\" class=\"website\">ASSOCIATION VAL&#039;ID<\/a><\/strong> <\/strong>se r\u00e9serve \u00e9galement la possibilit\u00e9 de mettre en cause la responsabilit\u00e9 civile et\/ou p\u00e9nale de l\u2019utilisateur, notamment en cas de message \u00e0 caract\u00e8re raciste, injurieux, diffamant, ou pornographique, quel que soit le support utilis\u00e9 (texte, photographie, etc).<\/p>\n\n\n\n<h1 class=\"wp-block-heading\"><strong>Gestion des donn\u00e9es personnelles<\/strong><\/h1>\n\n\n\n<p>Conform\u00e9ment aux dispositions de la loi 78-17 du 6 janvier 1978 modifi\u00e9e, l\u2019utilisateur du site&nbsp; <strong><strong><a href=\"https:\/\/www.val-id.fr\" class=\"website\">www.val-id.fr<\/a><\/strong> <\/strong>&nbsp;dispose d\u2019un droit d\u2019acc\u00e8s, de modification et de suppression des informations collect\u00e9es.&nbsp;<\/p>\n\n\n\n<p>Pour exercer ce droit, envoyez un message \u00e0 notre D\u00e9l\u00e9gu\u00e9 \u00e0 la Protection des Donn\u00e9es : <strong>  <\/strong> \u00e0 l\u2019adresse email suivante :<strong> <\/strong>.<\/p>\n\n\n\n<p>Pour plus d&rsquo;informations sur la fa\u00e7on dont nous traitons vos donn\u00e9es (type de donn\u00e9es, finalit\u00e9, destinataire&#8230;), lisez notre Politique de Confidentialit\u00e9.<\/p>\n\n\n\n<p>Il est \u00e9galement possible de d\u00e9poser une r\u00e9clamation aupr\u00e8s de la CNIL.<\/p>\n\n\n\n<h1 class=\"wp-block-heading\"><strong>Liens hypertextes et cookies<\/strong><\/h1>\n\n\n\n<p>Le site <strong><strong><a href=\"https:\/\/www.val-id.fr\" class=\"website\">ASSOCIATION VAL&#039;ID<\/a><\/strong><\/strong> contient un certain nombre de liens hypertextes vers d\u2019autres sites Internet. Cependant,<strong> <strong><a href=\"https:\/\/www.val-id.fr\" class=\"website\">ASSOCIATION VAL&#039;ID<\/a><\/strong><\/strong>&nbsp; n\u2019ayant&nbsp; pas la possibilit\u00e9 de v\u00e9rifier le contenu de ces sites, n\u2019assumera en cons\u00e9quence aucune responsabilit\u00e9 de ce fait.<\/p>\n\n\n\n<p>La navigation sur le site <strong><strong><a href=\"https:\/\/www.val-id.fr\" class=\"website\">ASSOCIATION VAL&#039;ID<\/a><\/strong> <\/strong>&nbsp;est susceptible de provoquer l\u2019installation de cookie(s) sur l\u2019ordinateur de l\u2019utilisateur.<\/p>\n\n\n\n<p>Un cookie est un fichier de petite taille qui enregistre des informations relatives \u00e0 la navigation d\u2019un utilisateur sur un site. Les donn\u00e9es ainsi obtenues permettent d&rsquo;obtenir des mesures de fr\u00e9quentation ou visent \u00e0 faciliter la navigation ult\u00e9rieure sur le site.<\/p>\n\n\n\n<p>Vous avez la possibilit\u00e9 d\u2019accepter ou de refuser les cookies en modifiant les param\u00e8tres de votre navigateur. Aucun cookie ne sera d\u00e9pos\u00e9 sans votre consentement.<\/p>\n\n\n\n<p>Les cookies sont enregistr\u00e9s pour une dur\u00e9e maximale de 6 mois. Pour plus d&rsquo;informations sur la fa\u00e7on dont nous faisons usage des cookies, lisez notre Politique de Confidentialit\u00e9.<\/p>\n\n\n\n<h1 class=\"wp-block-heading\"><strong>Droit applicable et attribution de juridiction<\/strong><\/h1>\n\n\n\n<p>Tout litige en relation avec l\u2019utilisation du site <strong><strong><a href=\"https:\/\/www.val-id.fr\" class=\"website\">www.val-id.fr<\/a><\/strong><\/strong> &nbsp; est soumis au droit fran\u00e7ais. En dehors des cas o\u00f9 la loi ne le permet pas, il est fait attribution exclusive de juridiction aux tribunaux comp\u00e9tents de <strong>Fort-de-France<\/strong>.<\/p>\n","protected":false},"excerpt":{"rendered":"<p>Merci de lire attentivement les pr\u00e9sentes modalit\u00e9s d&rsquo;utilisation du pr\u00e9sent site avant de le parcourir. En effet, la connexion et la navigation sur le site ASSOCIATION VAL&#039;ID par l\u2019utilisateur implique l&rsquo;acceptation int\u00e9grale et sans r\u00e9serve des pr\u00e9sentes mentions l\u00e9gales. Ces derni\u00e8res sont accessibles sur le site \u00e0 la rubrique \u00ab Mentions l\u00e9gales \u00bb. Le site&#8230;<\/p>\n","protected":false},"author":2,"featured_media":0,"parent":0,"menu_order":0,"comment_status":"closed","ping_status":"closed","template":"","meta":{"_kad_blocks_custom_css":"","_kad_blocks_head_custom_js":"","_kad_blocks_body_custom_js":"","_kad_blocks_footer_custom_js":"","_kadence_starter_templates_imported_post":false,"_kad_post_transparent":"","_kad_post_title":"","_kad_post_layout":"","_kad_post_sidebar_id":"","_kad_post_content_style":"","_kad_post_vertical_padding":"","_kad_post_feature":"","_kad_post_feature_position":"","_kad_post_header":false,"_kad_post_footer":false,"_kad_post_classname":"","iawp_total_views":56,"footnotes":""},"class_list":["post-879","page","type-page","status-publish","hentry"],"taxonomy_info":[],"featured_image_src_large":false,"author_info":{"display_name":"Association Valid","author_link":"https:\/\/www.val-id.fr\/author\/communication"},"comment_info":0,"_links":{"self":[{"href":"https:\/\/www.val-id.fr\/index.php?rest_route=\/wp\/v2\/pages\/879","targetHints":{"allow":["GET"]}}],"collection":[{"href":"https:\/\/www.val-id.fr\/index.php?rest_route=\/wp\/v2\/pages"}],"about":[{"href":"https:\/\/www.val-id.fr\/index.php?rest_route=\/wp\/v2\/types\/page"}],"author":[{"embeddable":true,"href":"https:\/\/www.val-id.fr\/index.php?rest_route=\/wp\/v2\/users\/2"}],"replies":[{"embeddable":true,"href":"https:\/\/www.val-id.fr\/index.php?rest_route=%2Fwp%2Fv2%2Fcomments&post=879"}],"version-history":[{"count":0,"href":"https:\/\/www.val-id.fr\/index.php?rest_route=\/wp\/v2\/pages\/879\/revisions"}],"wp:attachment":[{"href":"https:\/\/www.val-id.fr\/index.php?rest_route=%2Fwp%2Fv2%2Fmedia&parent=879"}],"curies":[{"name":"wp","href":"https:\/\/api.w.org\/{rel}","templated":true}]}}